{"id":1873,"date":"2014-03-06T20:35:52","date_gmt":"2014-03-06T20:35:52","guid":{"rendered":"http:\/\/www.etoilederose.fr\/?page_id=1873"},"modified":"2022-02-10T14:33:22","modified_gmt":"2022-02-10T14:33:22","slug":"mariage-vert-et-rose-tendre","status":"publish","type":"page","link":"https:\/\/www.etoilederose.fr\/index.php\/quelques-realisations\/mariage-vert-et-rose-tendre","title":{"rendered":"Mariage vert et rose tendre"},"content":{"rendered":"<p>&nbsp;<\/p>\n<h2>Mariage vert et rose tendre&nbsp;<\/h2>\n<div id=\"attachment_1876\" style=\"width: 596px\" class=\"wp-caption aligncenter\"><a href=\"https:\/\/www.etoilederose.fr\/index.php\/quelques-realisations\/mariage-vert-et-rose-tendre\/vert-et-rose8jpg\" rel=\"attachment wp-att-1876\"><img loading=\"lazy\" decoding=\"async\" aria-describedby=\"caption-attachment-1876\" class=\" wp-image-1876\" src=\"https:\/\/www.etoilederose.fr\/wp-content\/uploads\/2014\/03\/vert-et-rose8JPG.jpg\" alt=\"D\u00e9coration mariage vert et rose \" width=\"586\" height=\"392\" srcset=\"https:\/\/www.etoilederose.fr\/wp-content\/uploads\/2014\/03\/vert-et-rose8JPG.jpg 1000w, https:\/\/www.etoilederose.fr\/wp-content\/uploads\/2014\/03\/vert-et-rose8JPG-300x200.jpg 300w\" sizes=\"auto, (max-width: 586px) 100vw, 586px\" \/><\/a><p id=\"caption-attachment-1876\" class=\"wp-caption-text\">&nbsp;&nbsp;&nbsp;&nbsp;&nbsp;&nbsp;&nbsp;&nbsp;&nbsp;&nbsp;&nbsp;&nbsp;&nbsp;&nbsp;&nbsp;&nbsp;&nbsp;&nbsp;&nbsp;&nbsp;&nbsp;&nbsp;&nbsp;&nbsp;&nbsp;&nbsp;&nbsp;&nbsp; D\u00e9coration mariage vert et rose<\/p><\/div>\n<div id=\"attachment_3749\" style=\"width: 597px\" class=\"wp-caption aligncenter\"><a href=\"https:\/\/www.etoilederose.fr\/index.php\/quelques-realisations\/mariage-vert-et-rose-tendre\/laherte8\" rel=\" Mariage vert et rose tendre\"><img loading=\"lazy\" decoding=\"async\" aria-describedby=\"caption-attachment-3749\" class=\" Mariage vert et rose tendre wp-image-3749\" title=\" Mariage vert et rose tendre\" src=\"https:\/\/www.etoilederose.fr\/wp-content\/uploads\/2014\/03\/Laherte8-1024x683.jpg\" alt=\" Mariage vert et rose tendre\" width=\"587\" height=\"391\" srcset=\"https:\/\/www.etoilederose.fr\/wp-content\/uploads\/2014\/03\/Laherte8-1024x683.jpg 1024w, https:\/\/www.etoilederose.fr\/wp-content\/uploads\/2014\/03\/Laherte8-300x200.jpg 300w, https:\/\/www.etoilederose.fr\/wp-content\/uploads\/2014\/03\/Laherte8.jpg 1200w\" sizes=\"auto, (max-width: 587px) 100vw, 587px\" \/><\/a><p id=\"caption-attachment-3749\" class=\"wp-caption-text\">&nbsp;&nbsp;&nbsp;&nbsp;&nbsp;&nbsp; Mariage vert et rose tendre<\/p><\/div>\n<h3>Mariage vert et rose tendre<\/h3>\n<p>Ici, 2 versions de d\u00e9corations de Mariage vert et rose tendre aux couleurs fra\u00eeches et printani\u00e8res. Elles refl\u00e8tent la simplicit\u00e9.<\/p>\n<p>La 1ere version est pr\u00e9sent\u00e9e dans <a href=\"https:\/\/www.facebook.com\/comitevillette\/photos\/a.373981349653016\/551136871937462\/?type=3&amp;theater\">la salle de Villette sur Aube.<\/a><\/p>\n<p>Premi\u00e8rement, les housses de chaises en lycra s&rsquo;adaptent aux chaises de toutes les salles des f\u00eates. Puis , je pose les noeuds sur les c\u00f4t\u00e9s \u00e0 la fa\u00e7on \u00c9toile de rose. Cette pose donne du caract\u00e8re \u00e0 la d\u00e9coration.<\/p>\n<h3><strong>La table<\/strong><\/h3>\n<p>Pour chaque cas, une nappe soit ivoire, soit blanche est pos\u00e9e sur la table.<\/p>\n<p>En d\u00e9tail, un joli chemin de table en intiss\u00e9 vert tendre souligne et ajoute la couleur sur les tables . Le chemin de table vert accentue la douceur des serviettes en intiss\u00e9 rose. Aussi, le pliage des serviettes est en \u00ab\u00a0fleurs de lys\u00a0\u00bb.<\/p>\n<p>En fait, ce pliage est tr\u00e8s demand\u00e9 car il apporte un volume suppl\u00e9mentaire \u00e0 la table, contrairement aux serviettes pos\u00e9es \u00e0 plat.<\/p>\n<p><a href=\"https:\/\/www.etoilederose.fr\/wp-content\/uploads\/2019\/06\/Centre-de-table-martini-.jpg\" rel=\"lightbox[1873]\">les vases martini sont remplis de billes de gels roses, leds inclus.&nbsp;<\/a><\/p>\n<p>Mentionnons que pour chaque th\u00e8me, je refais les compositions fleuries.<\/p>\n<p>Vous souhaitez poser vous-m\u00eames les compositions sur les vases martini ?&nbsp; c&rsquo;est tr\u00e8s simple ! Ce sont des compositions de fleurs artificielles qui seront r\u00e9utilis\u00e9es, comme toute location. C&rsquo;est pourquoi, le tarif est relativement bas, et permet d&rsquo;avoir quelque chose de joli sans alourdir votre budget d\u00e9co.<\/p>\n<p>Des vases boules sont cr\u00e9\u00e9s pour la table d&rsquo;honneur, dans le m\u00eame esprit.<\/p>\n<p>Ces vases de 70 cm de hauteur donnent du volume et de la gr\u00e2ce ainsi qu&rsquo;un c\u00f4t\u00e9 chic \u00e0 la d\u00e9coration. En cons\u00e9quence c&rsquo;est une fa\u00e7on de donner un c\u00f4t\u00e9 pr\u00e9cieux en respectant un budget tr\u00e8s raisonnable. Vous trouverez plus d&rsquo;explications <a href=\"https:\/\/www.etoilederose.fr\/index.php\/tarifs-locations\">sur cette page.<\/a><\/p>\n<h2><span style=\"color: #000000;\">&nbsp;Quelques d\u00e9tails<\/span><\/h2>\n<p>Cons\u00e9quemment, par curiosit\u00e9, cliquez sur les photos pour les d\u00e9couvrir en grand format.&nbsp;<\/p>\nngg_shortcode_0_placeholder\n<div id=\"attachment_1891\" style=\"width: 603px\" class=\"wp-caption aligncenter\"><a class=\"Housses et noeuds de chaises\" href=\"https:\/\/www.etoilederose.fr\/index.php\/quelques-realisations\/mariage-vert-et-rose-tendre\/vert-et-rose10jpg\" rel=\"Housses et noeuds de chaises\"><img loading=\"lazy\" decoding=\"async\" aria-describedby=\"caption-attachment-1891\" class=\"Housses et noeuds de chaises wp-image-1891\" title=\"Housses et noeuds de chaises\" src=\"https:\/\/www.etoilederose.fr\/wp-content\/uploads\/2014\/03\/vert-et-rose10JPG.jpg\" alt=\"Housses et noeuds de chaises\" width=\"593\" height=\"395\"><\/a><p id=\"caption-attachment-1891\" class=\"wp-caption-text\">Housses et noeuds de chaises<\/p><\/div>\n<h2><span style=\"color: black;\">Le bouquet de la mari\u00e9e<\/span><\/h2>\n<p>J&rsquo;ai r\u00e9alis\u00e9 moi-m\u00eame le bouquet d&rsquo;une des mari\u00e9es. Un bracelet supporte tout le bouquet. Par contre, les fleurs (orchid\u00e9es) sont naturelles.<\/p>\n<p><a href=\"https:\/\/www.etoilederose.fr\/wp-content\/uploads\/2014\/03\/bouquet.jpg\" rel=\"lightbox[1873]\"><img loading=\"lazy\" decoding=\"async\" class=\"aligncenter  wp-image-1881\" title=\"bouquet\" src=\"https:\/\/www.etoilederose.fr\/wp-content\/uploads\/2014\/03\/bouquet-685x1024.jpg\" alt=\"\" width=\"524\" height=\"765\"><\/a><\/p>\n<div id=\"attachment_1882\" style=\"width: 534px\" class=\"wp-caption aligncenter\"><a href=\"https:\/\/www.etoilederose.fr\/index.php\/quelques-realisations\/mariage-vert-et-rose-tendre\/1620527_10201420298136177_990459472_n\" rel=\"Bouquet bracelet, de mari\u00e9e\"><img loading=\"lazy\" decoding=\"async\" aria-describedby=\"caption-attachment-1882\" class=\"Bouquet bracelet, de mari\u00e9e wp-image-1882\" title=\"Bouquet bracelet, de mari\u00e9e\" src=\"https:\/\/www.etoilederose.fr\/wp-content\/uploads\/2014\/03\/1620527_10201420298136177_990459472_n.jpg\" alt=\"Bouquet bracelet, de mari\u00e9e\" width=\"524\" height=\"375\"><\/a><p id=\"caption-attachment-1882\" class=\"wp-caption-text\">Bouquet bracelet, de mari\u00e9e<\/p><\/div>\n<h3>Quelques d\u00e9tails de la seconde version<\/h3>\n<p>Pour terminer,&nbsp; voici l&rsquo;urne \u00e0 enveloppes en forme de c\u0153ur.&nbsp; Donc, si vous souhaitez une bo\u00eete, ou urne \u00e0 enveloppes, et m\u00eame le livre d&rsquo;or accord\u00e9, c&rsquo;est possible. Dans la page <a href=\"https:\/\/www.etoilederose.fr\/index.php\/creations-urne-a-enveloppes-livre-dor\">\u00ab\u00a0cr\u00e9ation\u00a0\u00bb<\/a> vous trouverez beaucoup d&rsquo;exemples diff\u00e9rents d&rsquo;urnes \u00e0 enveloppes et d&rsquo;autres choses encore !&nbsp;<\/p>\nngg_shortcode_1_placeholder\n<div id=\"attachment_3772\" style=\"width: 579px\" class=\"wp-caption aligncenter\"><a class=\"urne coeur rose et verte\" href=\"https:\/\/www.etoilederose.fr\/index.php\/quelques-realisations\/mariage-vert-et-rose-tendre\/urne-coeur-rose-et-verte1\" rel=\"urne coeur rose et verte\"><img loading=\"lazy\" decoding=\"async\" aria-describedby=\"caption-attachment-3772\" class=\"urne coeur rose et verte wp-image-3772\" title=\"urne coeur rose et verte\" src=\"https:\/\/www.etoilederose.fr\/wp-content\/uploads\/2014\/03\/urne-coeur-rose-et-verte1-1012x1024.jpg\" alt=\"urne coeur rose et verte\" width=\"569\" height=\"576\" srcset=\"https:\/\/www.etoilederose.fr\/wp-content\/uploads\/2014\/03\/urne-coeur-rose-et-verte1-1012x1024.jpg 1012w, https:\/\/www.etoilederose.fr\/wp-content\/uploads\/2014\/03\/urne-coeur-rose-et-verte1-297x300.jpg 297w, https:\/\/www.etoilederose.fr\/wp-content\/uploads\/2014\/03\/urne-coeur-rose-et-verte1.jpg 1200w\" sizes=\"auto, (max-width: 569px) 100vw, 569px\" \/><\/a><p id=\"caption-attachment-3772\" class=\"wp-caption-text\">urne coeur rose et verte<\/p><\/div>\n","protected":false},"excerpt":{"rendered":"<p>&nbsp; Mariage vert et rose tendre&nbsp; Mariage vert et rose tendre Ici, 2 versions de d\u00e9corations de Mariage vert et rose tendre aux couleurs fra\u00eeches et printani\u00e8res. Elles refl\u00e8tent la simplicit\u00e9. La 1ere version est pr\u00e9sent\u00e9e dans la salle de Villette sur Aube. Premi\u00e8rement, les housses de chaises en lycra s&rsquo;adaptent aux chaises de toutes [&hellip;]<\/p>\n","protected":false},"author":1,"featured_media":0,"parent":25,"menu_order":95,"comment_status":"closed","ping_status":"closed","template":"","meta":{"ngg_post_thumbnail":0,"footnotes":"","_links_to":"","_links_to_target":""},"class_list":["post-1873","page","type-page","status-publish","hentry"],"yoast_head":"<!-- This site is optimized with the Yoast SEO plugin v21.5 - https:\/\/yoast.com\/wordpress\/plugins\/seo\/ -->\n<title>Mariage vert et rose tendre | Etoile de rose | D\u00e9coration |<\/title>\n<meta name=\"description\" content=\"Etoile de rose a d\u00e9cor\u00e9 ce Mariage vert et rose tendre. Vous aussi, profitez de ses talents pour d\u00e9corer votre \u00e9v\u00e9nement !\" \/>\n<meta name=\"robots\" content=\"index, follow, max-snippet:-1, max-image-preview:large, max-video-preview:-1\" \/>\n<link rel=\"canonical\" href=\"https:\/\/www.etoilederose.fr\/index.php\/quelques-realisations\/mariage-vert-et-rose-tendre\" \/>\n<meta name=\"twitter:label1\" content=\"Dur\u00e9e de lecture estim\u00e9e\" \/>\n\t<meta name=\"twitter:data1\" content=\"4 minutes\" \/>\n<script type=\"application\/ld+json\" class=\"yoast-schema-graph\">{\"@context\":\"https:\/\/schema.org\",\"@graph\":[{\"@type\":\"WebPage\",\"@id\":\"https:\/\/www.etoilederose.fr\/index.php\/quelques-realisations\/mariage-vert-et-rose-tendre\",\"url\":\"https:\/\/www.etoilederose.fr\/index.php\/quelques-realisations\/mariage-vert-et-rose-tendre\",\"name\":\"Mariage vert et rose tendre | Etoile de rose | D\u00e9coration |\",\"isPartOf\":{\"@id\":\"https:\/\/www.etoilederose.fr\/#website\"},\"datePublished\":\"2014-03-06T20:35:52+00:00\",\"dateModified\":\"2022-02-10T14:33:22+00:00\",\"description\":\"Etoile de rose a d\u00e9cor\u00e9 ce Mariage vert et rose tendre. Vous aussi, profitez de ses talents pour d\u00e9corer votre \u00e9v\u00e9nement !\",\"breadcrumb\":{\"@id\":\"https:\/\/www.etoilederose.fr\/index.php\/quelques-realisations\/mariage-vert-et-rose-tendre#breadcrumb\"},\"inLanguage\":\"fr-FR\",\"potentialAction\":[{\"@type\":\"ReadAction\",\"target\":[\"https:\/\/www.etoilederose.fr\/index.php\/quelques-realisations\/mariage-vert-et-rose-tendre\"]}]},{\"@type\":\"BreadcrumbList\",\"@id\":\"https:\/\/www.etoilederose.fr\/index.php\/quelques-realisations\/mariage-vert-et-rose-tendre#breadcrumb\",\"itemListElement\":[{\"@type\":\"ListItem\",\"position\":1,\"name\":\"Home\",\"item\":\"https:\/\/www.etoilederose.fr\/\"},{\"@type\":\"ListItem\",\"position\":2,\"name\":\"R\u00e9alisations\",\"item\":\"https:\/\/www.etoilederose.fr\/index.php\/quelques-realisations\"},{\"@type\":\"ListItem\",\"position\":3,\"name\":\"Mariage vert et rose tendre\"}]},{\"@type\":\"WebSite\",\"@id\":\"https:\/\/www.etoilederose.fr\/#website\",\"url\":\"https:\/\/www.etoilederose.fr\/\",\"name\":\"Etoile de rose\",\"description\":\"Etoile de rose D\u00e9coration \u00e9v\u00e9nementielle\",\"publisher\":{\"@id\":\"https:\/\/www.etoilederose.fr\/#\/schema\/person\/2d9d1db00dba3c640fa38b8b1abbdcaf\"},\"potentialAction\":[{\"@type\":\"SearchAction\",\"target\":{\"@type\":\"EntryPoint\",\"urlTemplate\":\"https:\/\/www.etoilederose.fr\/?s={search_term_string}\"},\"query-input\":\"required name=search_term_string\"}],\"inLanguage\":\"fr-FR\"},{\"@type\":[\"Person\",\"Organization\"],\"@id\":\"https:\/\/www.etoilederose.fr\/#\/schema\/person\/2d9d1db00dba3c640fa38b8b1abbdcaf\",\"name\":\"admin\",\"image\":{\"@type\":\"ImageObject\",\"inLanguage\":\"fr-FR\",\"@id\":\"https:\/\/www.etoilederose.fr\/#\/schema\/person\/image\/\",\"url\":\"https:\/\/www.etoilederose.fr\/wp-content\/uploads\/2026\/01\/logo_noir.jpg\",\"contentUrl\":\"https:\/\/www.etoilederose.fr\/wp-content\/uploads\/2026\/01\/logo_noir.jpg\",\"width\":1150,\"height\":1150,\"caption\":\"admin\"},\"logo\":{\"@id\":\"https:\/\/www.etoilederose.fr\/#\/schema\/person\/image\/\"},\"description\":\"D\u00e9coratrice \u00e9v\u00e9nementiel depuis 15 ans, je me suis dirig\u00e9e depuis 8 ans dans le domaine de la d\u00e9coration de vitrines de magasins.\",\"sameAs\":[\"http:\/\/www.etoilederose.fr\",\"https:\/\/www.facebook.com\/etoilederose.fr\/?ref=aymt_homepage_panel\",\"https:\/\/www.instagram.com\/etoile.de.rose\/\",\"https:\/\/twitter.com\/https:\/\/twitter.com\/wwwetoilederose?lang=fr\"]}]}<\/script>\n<!-- \/ Yoast SEO plugin. -->","yoast_head_json":{"title":"Mariage vert et rose tendre | Etoile de rose | D\u00e9coration |","description":"Etoile de rose a d\u00e9cor\u00e9 ce Mariage vert et rose tendre. Vous aussi, profitez de ses talents pour d\u00e9corer votre \u00e9v\u00e9nement !","robots":{"index":"index","follow":"follow","max-snippet":"max-snippet:-1","max-image-preview":"max-image-preview:large","max-video-preview":"max-video-preview:-1"},"canonical":"https:\/\/www.etoilederose.fr\/index.php\/quelques-realisations\/mariage-vert-et-rose-tendre","twitter_misc":{"Dur\u00e9e de lecture estim\u00e9e":"4 minutes"},"schema":{"@context":"https:\/\/schema.org","@graph":[{"@type":"WebPage","@id":"https:\/\/www.etoilederose.fr\/index.php\/quelques-realisations\/mariage-vert-et-rose-tendre","url":"https:\/\/www.etoilederose.fr\/index.php\/quelques-realisations\/mariage-vert-et-rose-tendre","name":"Mariage vert et rose tendre | Etoile de rose | D\u00e9coration |","isPartOf":{"@id":"https:\/\/www.etoilederose.fr\/#website"},"datePublished":"2014-03-06T20:35:52+00:00","dateModified":"2022-02-10T14:33:22+00:00","description":"Etoile de rose a d\u00e9cor\u00e9 ce Mariage vert et rose tendre. Vous aussi, profitez de ses talents pour d\u00e9corer votre \u00e9v\u00e9nement !","breadcrumb":{"@id":"https:\/\/www.etoilederose.fr\/index.php\/quelques-realisations\/mariage-vert-et-rose-tendre#breadcrumb"},"inLanguage":"fr-FR","potentialAction":[{"@type":"ReadAction","target":["https:\/\/www.etoilederose.fr\/index.php\/quelques-realisations\/mariage-vert-et-rose-tendre"]}]},{"@type":"BreadcrumbList","@id":"https:\/\/www.etoilederose.fr\/index.php\/quelques-realisations\/mariage-vert-et-rose-tendre#breadcrumb","itemListElement":[{"@type":"ListItem","position":1,"name":"Home","item":"https:\/\/www.etoilederose.fr\/"},{"@type":"ListItem","position":2,"name":"R\u00e9alisations","item":"https:\/\/www.etoilederose.fr\/index.php\/quelques-realisations"},{"@type":"ListItem","position":3,"name":"Mariage vert et rose tendre"}]},{"@type":"WebSite","@id":"https:\/\/www.etoilederose.fr\/#website","url":"https:\/\/www.etoilederose.fr\/","name":"Etoile de rose","description":"Etoile de rose D\u00e9coration \u00e9v\u00e9nementielle","publisher":{"@id":"https:\/\/www.etoilederose.fr\/#\/schema\/person\/2d9d1db00dba3c640fa38b8b1abbdcaf"},"potentialAction":[{"@type":"SearchAction","target":{"@type":"EntryPoint","urlTemplate":"https:\/\/www.etoilederose.fr\/?s={search_term_string}"},"query-input":"required name=search_term_string"}],"inLanguage":"fr-FR"},{"@type":["Person","Organization"],"@id":"https:\/\/www.etoilederose.fr\/#\/schema\/person\/2d9d1db00dba3c640fa38b8b1abbdcaf","name":"admin","image":{"@type":"ImageObject","inLanguage":"fr-FR","@id":"https:\/\/www.etoilederose.fr\/#\/schema\/person\/image\/","url":"https:\/\/www.etoilederose.fr\/wp-content\/uploads\/2026\/01\/logo_noir.jpg","contentUrl":"https:\/\/www.etoilederose.fr\/wp-content\/uploads\/2026\/01\/logo_noir.jpg","width":1150,"height":1150,"caption":"admin"},"logo":{"@id":"https:\/\/www.etoilederose.fr\/#\/schema\/person\/image\/"},"description":"D\u00e9coratrice \u00e9v\u00e9nementiel depuis 15 ans, je me suis dirig\u00e9e depuis 8 ans dans le domaine de la d\u00e9coration de vitrines de magasins.","sameAs":["http:\/\/www.etoilederose.fr","https:\/\/www.facebook.com\/etoilederose.fr\/?ref=aymt_homepage_panel","https:\/\/www.instagram.com\/etoile.de.rose\/","https:\/\/twitter.com\/https:\/\/twitter.com\/wwwetoilederose?lang=fr"]}]}},"_links":{"self":[{"href":"https:\/\/www.etoilederose.fr\/index.php\/wp-json\/wp\/v2\/pages\/1873","targetHints":{"allow":["GET"]}}],"collection":[{"href":"https:\/\/www.etoilederose.fr\/index.php\/wp-json\/wp\/v2\/pages"}],"about":[{"href":"https:\/\/www.etoilederose.fr\/index.php\/wp-json\/wp\/v2\/types\/page"}],"author":[{"embeddable":true,"href":"https:\/\/www.etoilederose.fr\/index.php\/wp-json\/wp\/v2\/users\/1"}],"replies":[{"embeddable":true,"href":"https:\/\/www.etoilederose.fr\/index.php\/wp-json\/wp\/v2\/comments?post=1873"}],"version-history":[{"count":61,"href":"https:\/\/www.etoilederose.fr\/index.php\/wp-json\/wp\/v2\/pages\/1873\/revisions"}],"predecessor-version":[{"id":6918,"href":"https:\/\/www.etoilederose.fr\/index.php\/wp-json\/wp\/v2\/pages\/1873\/revisions\/6918"}],"up":[{"embeddable":true,"href":"https:\/\/www.etoilederose.fr\/index.php\/wp-json\/wp\/v2\/pages\/25"}],"wp:attachment":[{"href":"https:\/\/www.etoilederose.fr\/index.php\/wp-json\/wp\/v2\/media?parent=1873"}],"curies":[{"name":"wp","href":"https:\/\/api.w.org\/{rel}","templated":true}]}}